{"id":25,"date":"2022-12-27T14:45:00","date_gmt":"2022-12-27T14:45:00","guid":{"rendered":"https:\/\/collegetroisvallees.be\/notredamedesanges\/?page_id=25"},"modified":"2025-01-28T12:58:17","modified_gmt":"2025-01-28T12:58:17","slug":"projet-educatif-et-pedagogique","status":"publish","type":"page","link":"https:\/\/cnd3v.com\/nda\/projet-educatif-et-pedagogique\/","title":{"rendered":"Projet \u00e9ducatif"},"content":{"rendered":"\t\t<div data-elementor-type=\"wp-page\" data-elementor-id=\"25\" class=\"elementor elementor-25\">\n\t\t\t\t\t\t<section class=\"elementor-section elementor-top-section elementor-element elementor-element-2e3e3cbd elementor-section-boxed elementor-section-height-default elementor-section-height-default\" data-id=\"2e3e3cbd\" data-element_type=\"section\" data-e-type=\"section\">\n\t\t\t\t\t\t<div class=\"elementor-container elementor-column-gap-default\">\n\t\t\t\t\t<div class=\"elementor-column elementor-col-100 elementor-top-column elementor-element elementor-element-7b5f2c16\" data-id=\"7b5f2c16\" data-element_type=\"column\" data-e-type=\"column\">\n\t\t\t<div class=\"elementor-widget-wrap elementor-element-populated\">\n\t\t\t\t\t\t<div class=\"elementor-element elementor-element-2a9c9532 elementor-widget elementor-widget-spacer\" data-id=\"2a9c9532\" data-element_type=\"widget\" data-e-type=\"widget\" data-widget_type=\"spacer.default\">\n\t\t\t\t<div class=\"elementor-widget-container\">\n\t\t\t\t\t\t\t<div class=\"elementor-spacer\">\n\t\t\t<div class=\"elementor-spacer-inner\"><\/div>\n\t\t<\/div>\n\t\t\t\t\t\t<\/div>\n\t\t\t\t<\/div>\n\t\t\t\t\t<\/div>\n\t\t<\/div>\n\t\t\t\t\t<\/div>\n\t\t<\/section>\n\t\t\t\t<section class=\"elementor-section elementor-top-section elementor-element elementor-element-2c05aa6 elementor-section-boxed elementor-section-height-default elementor-section-height-default\" data-id=\"2c05aa6\" data-element_type=\"section\" data-e-type=\"section\">\n\t\t\t\t\t\t<div class=\"elementor-container elementor-column-gap-default\">\n\t\t\t\t\t<div class=\"elementor-column elementor-col-100 elementor-top-column elementor-element elementor-element-92bc2f2\" data-id=\"92bc2f2\" data-element_type=\"column\" data-e-type=\"column\">\n\t\t\t<div class=\"elementor-widget-wrap elementor-element-populated\">\n\t\t\t\t\t\t<div class=\"elementor-element elementor-element-732ce77 animated-slow elementor-invisible elementor-widget elementor-widget-heading\" data-id=\"732ce77\" data-element_type=\"widget\" data-e-type=\"widget\" data-settings=\"{&quot;_animation&quot;:&quot;fadeIn&quot;}\" data-widget_type=\"heading.default\">\n\t\t\t\t<div class=\"elementor-widget-container\">\n\t\t\t\t\t<h1 class=\"elementor-heading-title elementor-size-default\">Projet \u00e9ducatif<\/h1>\t\t\t\t<\/div>\n\t\t\t\t<\/div>\n\t\t\t\t<div class=\"elementor-element elementor-element-6300ab9 elementor-view-default elementor-position-block-start elementor-mobile-position-block-start elementor-widget elementor-widget-icon-box\" data-id=\"6300ab9\" data-element_type=\"widget\" data-e-type=\"widget\" data-widget_type=\"icon-box.default\">\n\t\t\t\t<div class=\"elementor-widget-container\">\n\t\t\t\t\t\t\t<div class=\"elementor-icon-box-wrapper\">\n\n\t\t\t\t\t\t<div class=\"elementor-icon-box-icon\">\n\t\t\t\t<a href=\"https:\/\/cnd3v.com\/nda\/wp-content\/uploads\/2023\/03\/CND3V-Projet-educatif-mef.pdf\" target=\"_blank\" class=\"elementor-icon elementor-animation-grow\" tabindex=\"-1\" aria-label=\"Fichier t\u00e9l\u00e9chargeable\">\n\t\t\t\t<i aria-hidden=\"true\" class=\"fas fa-file-pdf\"><\/i>\t\t\t\t<\/a>\n\t\t\t<\/div>\n\t\t\t\n\t\t\t\t\t\t<div class=\"elementor-icon-box-content\">\n\n\t\t\t\t\t\t\t\t\t<h4 class=\"elementor-icon-box-title\">\n\t\t\t\t\t\t<a href=\"https:\/\/cnd3v.com\/nda\/wp-content\/uploads\/2023\/03\/CND3V-Projet-educatif-mef.pdf\" target=\"_blank\" >\n\t\t\t\t\t\t\tFichier t\u00e9l\u00e9chargeable\t\t\t\t\t\t<\/a>\n\t\t\t\t\t<\/h4>\n\t\t\t\t\n\t\t\t\t\n\t\t\t<\/div>\n\t\t\t\n\t\t<\/div>\n\t\t\t\t\t\t<\/div>\n\t\t\t\t<\/div>\n\t\t\t\t\t<\/div>\n\t\t<\/div>\n\t\t\t\t\t<\/div>\n\t\t<\/section>\n\t\t\t\t<section class=\"elementor-section elementor-top-section elementor-element elementor-element-d518c18 elementor-section-boxed elementor-section-height-default elementor-section-height-default\" data-id=\"d518c18\" data-element_type=\"section\" data-e-type=\"section\">\n\t\t\t\t\t\t<div class=\"elementor-container elementor-column-gap-default\">\n\t\t\t\t\t<div class=\"elementor-column elementor-col-100 elementor-top-column elementor-element elementor-element-9a3af8a\" data-id=\"9a3af8a\" data-element_type=\"column\" data-e-type=\"column\">\n\t\t\t<div class=\"elementor-widget-wrap elementor-element-populated\">\n\t\t\t\t\t\t<div class=\"elementor-element elementor-element-439f380 elementor-widget elementor-widget-text-editor\" data-id=\"439f380\" data-element_type=\"widget\" data-e-type=\"widget\" data-widget_type=\"text-editor.default\">\n\t\t\t\t<div class=\"elementor-widget-container\">\n\t\t\t\t\t\t\t\t\t<div class=\"page\" title=\"Page 1\"><div class=\"layoutArea\"><div class=\"column\"><p>Le Colle\u0300ge est issu de trois sources d\u2019inspiration pe\u0301dagogique : les Fre\u0300res Maristes a\u0300 Saint-Augustin, les S\u0153urs Franciscaines a\u0300 Notre-Dame-des-Anges, les Chanoinesses de Saint-Augustin a\u0300 Alix-Le-Clerc. Chacun des trois sites s\u2019est enracine\u0301 dans une valle\u0301e du Brabant Wallon : l\u2019Argentine, la Lasne et la Mazerine. Depuis 1980, les trois e\u0301coles forment un seul Colle\u0300ge sous l\u2019impulsion d\u2019un me\u0302me Pouvoir Organisateur.<\/p><\/div><\/div><\/div>\t\t\t\t\t\t\t\t<\/div>\n\t\t\t\t<\/div>\n\t\t\t\t\t<\/div>\n\t\t<\/div>\n\t\t\t\t\t<\/div>\n\t\t<\/section>\n\t\t\t\t<section class=\"elementor-section elementor-top-section elementor-element elementor-element-254b0c2 elementor-section-boxed elementor-section-height-default elementor-section-height-default\" data-id=\"254b0c2\" data-element_type=\"section\" data-e-type=\"section\">\n\t\t\t\t\t\t<div class=\"elementor-container elementor-column-gap-default\">\n\t\t\t\t\t<div class=\"elementor-column elementor-col-100 elementor-top-column elementor-element elementor-element-a4526f1\" data-id=\"a4526f1\" data-element_type=\"column\" data-e-type=\"column\">\n\t\t\t<div class=\"elementor-widget-wrap elementor-element-populated\">\n\t\t\t\t\t\t<div class=\"elementor-element elementor-element-68850fc elementor-widget elementor-widget-text-editor\" data-id=\"68850fc\" data-element_type=\"widget\" data-e-type=\"widget\" data-widget_type=\"text-editor.default\">\n\t\t\t\t<div class=\"elementor-widget-container\">\n\t\t\t\t\t\t\t\t\t<div class=\"page\" title=\"Page 1\"><div class=\"layoutArea\"><div class=\"column\"><p>Le Projet e\u0301ducatif prend vie si tous, membres du Pouvoir Organisateur, directions, enseignants, personnel administratif, e\u0301le\u0300ves et parents, ont a\u0300 c\u0153ur de faire vivre, dans leurs propos, leurs attitudes, leurs modes de relation, l\u2019esprit qui anime ce projet.<\/p><\/div><\/div><\/div>\t\t\t\t\t\t\t\t<\/div>\n\t\t\t\t<\/div>\n\t\t\t\t\t<\/div>\n\t\t<\/div>\n\t\t\t\t\t<\/div>\n\t\t<\/section>\n\t\t\t\t<section class=\"elementor-section elementor-top-section elementor-element elementor-element-f9a1bd0 elementor-section-boxed elementor-section-height-default elementor-section-height-default\" data-id=\"f9a1bd0\" data-element_type=\"section\" data-e-type=\"section\">\n\t\t\t\t\t\t<div class=\"elementor-container elementor-column-gap-default\">\n\t\t\t\t\t<div class=\"elementor-column elementor-col-100 elementor-top-column elementor-element elementor-element-e07f862\" data-id=\"e07f862\" data-element_type=\"column\" data-e-type=\"column\">\n\t\t\t<div class=\"elementor-widget-wrap elementor-element-populated\">\n\t\t\t\t\t\t<div class=\"elementor-element elementor-element-9b803cd elementor-widget elementor-widget-heading\" data-id=\"9b803cd\" data-element_type=\"widget\" data-e-type=\"widget\" data-widget_type=\"heading.default\">\n\t\t\t\t<div class=\"elementor-widget-container\">\n\t\t\t\t\t<h2 class=\"elementor-heading-title elementor-size-default\">Projet \u00e9ducatif du Coll\u00e8ge Notre-Dame des Trois Vall\u00e9es<\/h2>\t\t\t\t<\/div>\n\t\t\t\t<\/div>\n\t\t\t\t\t<\/div>\n\t\t<\/div>\n\t\t\t\t\t<\/div>\n\t\t<\/section>\n\t\t\t\t<section class=\"elementor-section elementor-top-section elementor-element elementor-element-5d728c2 elementor-section-boxed elementor-section-height-default elementor-section-height-default\" data-id=\"5d728c2\" data-element_type=\"section\" data-e-type=\"section\">\n\t\t\t\t\t\t<div class=\"elementor-container elementor-column-gap-default\">\n\t\t\t\t\t<div class=\"elementor-column elementor-col-50 elementor-top-column elementor-element elementor-element-b65686e\" data-id=\"b65686e\" data-element_type=\"column\" data-e-type=\"column\">\n\t\t\t<div class=\"elementor-widget-wrap\">\n\t\t\t\t\t\t\t<\/div>\n\t\t<\/div>\n\t\t\t\t<div class=\"elementor-column elementor-col-50 elementor-top-column elementor-element elementor-element-6213a93\" data-id=\"6213a93\" data-element_type=\"column\" data-e-type=\"column\">\n\t\t\t<div class=\"elementor-widget-wrap elementor-element-populated\">\n\t\t\t\t\t\t<div class=\"elementor-element elementor-element-eebbb5c elementor-widget elementor-widget-text-editor\" data-id=\"eebbb5c\" data-element_type=\"widget\" data-e-type=\"widget\" data-widget_type=\"text-editor.default\">\n\t\t\t\t<div class=\"elementor-widget-container\">\n\t\t\t\t\t\t\t\t\t<div class=\"page\" title=\"Page 1\"><div class=\"layoutArea\"><div class=\"column\"><p>Anime\u0301 par l\u2019Esprit de Je\u0301sus-Christ et vivant le message de l\u2019Evangile, le Colle\u0300ge a choisi ses priorite\u0301s. Il a la volonte\u0301 de donner aux jeunes une formation de qualite\u0301 leur permettant de devenir des acteurs responsables, solidaires et autonomes dans une socie\u0301te\u0301 en perpe\u0301tuelle e\u0301volution. Pour y parvenir, le Colle\u0300ge place le jeune au centre de son projet et de\u0301veloppe trois axes de travail essentiels et comple\u0301mentaires.<\/p><\/div><\/div><\/div>\t\t\t\t\t\t\t\t<\/div>\n\t\t\t\t<\/div>\n\t\t\t\t\t<\/div>\n\t\t<\/div>\n\t\t\t\t\t<\/div>\n\t\t<\/section>\n\t\t\t\t<section class=\"elementor-section elementor-top-section elementor-element elementor-element-7b3259e elementor-section-boxed elementor-section-height-default elementor-section-height-default\" data-id=\"7b3259e\" data-element_type=\"section\" data-e-type=\"section\">\n\t\t\t\t\t\t<div class=\"elementor-container elementor-column-gap-default\">\n\t\t\t\t\t<div class=\"elementor-column elementor-col-100 elementor-top-column elementor-element elementor-element-d4fe214\" data-id=\"d4fe214\" data-element_type=\"column\" data-e-type=\"column\">\n\t\t\t<div class=\"elementor-widget-wrap elementor-element-populated\">\n\t\t\t\t\t\t<div class=\"elementor-element elementor-element-4cd7544 elementor-widget elementor-widget-heading\" data-id=\"4cd7544\" data-element_type=\"widget\" data-e-type=\"widget\" data-widget_type=\"heading.default\">\n\t\t\t\t<div class=\"elementor-widget-container\">\n\t\t\t\t\t<h2 class=\"elementor-heading-title elementor-size-default\">\u00ab Ne pas consid\u00e9rer les personnes comme elles devraient \u00eatre, mais comme elles sont ou peuvent \u00eatre \u00bb<\/h2>\t\t\t\t<\/div>\n\t\t\t\t<\/div>\n\t\t\t\t\t<\/div>\n\t\t<\/div>\n\t\t\t\t\t<\/div>\n\t\t<\/section>\n\t\t\t\t<section class=\"elementor-section elementor-top-section elementor-element elementor-element-10e9e18 elementor-section-boxed elementor-section-height-default elementor-section-height-default\" data-id=\"10e9e18\" data-element_type=\"section\" data-e-type=\"section\">\n\t\t\t\t\t\t<div class=\"elementor-container elementor-column-gap-default\">\n\t\t\t\t\t<div class=\"elementor-column elementor-col-100 elementor-top-column elementor-element elementor-element-307fbb2\" data-id=\"307fbb2\" data-element_type=\"column\" data-e-type=\"column\">\n\t\t\t<div class=\"elementor-widget-wrap elementor-element-populated\">\n\t\t\t\t\t\t<div class=\"elementor-element elementor-element-c0cce7a elementor-widget elementor-widget-heading\" data-id=\"c0cce7a\" data-element_type=\"widget\" data-e-type=\"widget\" data-widget_type=\"heading.default\">\n\t\t\t\t<div class=\"elementor-widget-container\">\n\t\t\t\t\t<h3 class=\"elementor-heading-title elementor-size-default\">SAINT PIERRE FOURIER (1565-1640), Lettre aux s\u0153urs de Nancy<\/h3>\t\t\t\t<\/div>\n\t\t\t\t<\/div>\n\t\t\t\t\t<\/div>\n\t\t<\/div>\n\t\t\t\t\t<\/div>\n\t\t<\/section>\n\t\t\t\t<section class=\"elementor-section elementor-top-section elementor-element elementor-element-c20a961 elementor-section-boxed elementor-section-height-default elementor-section-height-default\" data-id=\"c20a961\" data-element_type=\"section\" data-e-type=\"section\">\n\t\t\t\t\t\t<div class=\"elementor-container elementor-column-gap-default\">\n\t\t\t\t\t<div class=\"elementor-column elementor-col-50 elementor-top-column elementor-element elementor-element-6eadde2\" data-id=\"6eadde2\" data-element_type=\"column\" data-e-type=\"column\">\n\t\t\t<div class=\"elementor-widget-wrap\">\n\t\t\t\t\t\t\t<\/div>\n\t\t<\/div>\n\t\t\t\t<div class=\"elementor-column elementor-col-50 elementor-top-column elementor-element elementor-element-e97949e\" data-id=\"e97949e\" data-element_type=\"column\" data-e-type=\"column\">\n\t\t\t<div class=\"elementor-widget-wrap elementor-element-populated\">\n\t\t\t\t\t\t<div class=\"elementor-element elementor-element-f76a831 elementor-widget elementor-widget-text-editor\" data-id=\"f76a831\" data-element_type=\"widget\" data-e-type=\"widget\" data-widget_type=\"text-editor.default\">\n\t\t\t\t<div class=\"elementor-widget-container\">\n\t\t\t\t\t\t\t\t\t<div class=\"page\" title=\"Page 1\"><div class=\"layoutArea\"><div class=\"column\"><p>Tout d\u2019abord, le Colle\u0300ge veut accueillir l\u2019enfant, l\u2019adolescent dans sa singularite\u0301. Il souhaite l\u2019amener a\u0300 se de\u0301couvrir lui-me\u0302me et a\u0300 mieux se connai\u0302tre dans ses dimen- sions corporelles, affectives, intellectuelles, sociales et spirituelles. Chaque jeune doit avoir la possibilite\u0301 de de\u0301couvrir ses qualite\u0301s et ses faiblesses, ses talents et ses pas- sions afin de forger son projet personnel d\u2019e\u0301tudes et de vie. En se confrontant a\u0300 une formation exigeante, il prend confiance en lui, de\u0301couvre le sens de l\u2019effort et trace le chemin qui lui permettra de s\u2019e\u0301panouir en tant que personne.<\/p><\/div><\/div><\/div>\t\t\t\t\t\t\t\t<\/div>\n\t\t\t\t<\/div>\n\t\t\t\t\t<\/div>\n\t\t<\/div>\n\t\t\t\t\t<\/div>\n\t\t<\/section>\n\t\t\t\t<section class=\"elementor-section elementor-top-section elementor-element elementor-element-370e07b elementor-section-boxed elementor-section-height-default elementor-section-height-default\" data-id=\"370e07b\" data-element_type=\"section\" data-e-type=\"section\">\n\t\t\t\t\t\t<div class=\"elementor-container elementor-column-gap-default\">\n\t\t\t\t\t<div class=\"elementor-column elementor-col-100 elementor-top-column elementor-element elementor-element-eccb75b\" data-id=\"eccb75b\" data-element_type=\"column\" data-e-type=\"column\">\n\t\t\t<div class=\"elementor-widget-wrap elementor-element-populated\">\n\t\t\t\t\t\t<div class=\"elementor-element elementor-element-1714a35 elementor-widget elementor-widget-heading\" data-id=\"1714a35\" data-element_type=\"widget\" data-e-type=\"widget\" data-widget_type=\"heading.default\">\n\t\t\t\t<div class=\"elementor-widget-container\">\n\t\t\t\t\t<h2 class=\"elementor-heading-title elementor-size-default\">\u00ab La terre enti\u00e8re nous est un plus grand livre. \u00bb<\/h2>\t\t\t\t<\/div>\n\t\t\t\t<\/div>\n\t\t\t\t\t<\/div>\n\t\t<\/div>\n\t\t\t\t\t<\/div>\n\t\t<\/section>\n\t\t\t\t<section class=\"elementor-section elementor-top-section elementor-element elementor-element-47ee791 elementor-section-boxed elementor-section-height-default elementor-section-height-default\" data-id=\"47ee791\" data-element_type=\"section\" data-e-type=\"section\">\n\t\t\t\t\t\t<div class=\"elementor-container elementor-column-gap-default\">\n\t\t\t\t\t<div class=\"elementor-column elementor-col-100 elementor-top-column elementor-element elementor-element-449b34c\" data-id=\"449b34c\" data-element_type=\"column\" data-e-type=\"column\">\n\t\t\t<div class=\"elementor-widget-wrap elementor-element-populated\">\n\t\t\t\t\t\t<div class=\"elementor-element elementor-element-6181784 elementor-widget elementor-widget-heading\" data-id=\"6181784\" data-element_type=\"widget\" data-e-type=\"widget\" data-widget_type=\"heading.default\">\n\t\t\t\t<div class=\"elementor-widget-container\">\n\t\t\t\t\t<h3 class=\"elementor-heading-title elementor-size-default\">SAINT AUGUSTIN D\u2019HIPPONE (354-430), Lettre XLIII<\/h3>\t\t\t\t<\/div>\n\t\t\t\t<\/div>\n\t\t\t\t\t<\/div>\n\t\t<\/div>\n\t\t\t\t\t<\/div>\n\t\t<\/section>\n\t\t\t\t<section class=\"elementor-section elementor-top-section elementor-element elementor-element-d6f8f61 elementor-section-boxed elementor-section-height-default elementor-section-height-default\" data-id=\"d6f8f61\" data-element_type=\"section\" data-e-type=\"section\">\n\t\t\t\t\t\t<div class=\"elementor-container elementor-column-gap-default\">\n\t\t\t\t\t<div class=\"elementor-column elementor-col-50 elementor-top-column elementor-element elementor-element-5c3f18b\" data-id=\"5c3f18b\" data-element_type=\"column\" data-e-type=\"column\">\n\t\t\t<div class=\"elementor-widget-wrap\">\n\t\t\t\t\t\t\t<\/div>\n\t\t<\/div>\n\t\t\t\t<div class=\"elementor-column elementor-col-50 elementor-top-column elementor-element elementor-element-b3e6d48\" data-id=\"b3e6d48\" data-element_type=\"column\" data-e-type=\"column\">\n\t\t\t<div class=\"elementor-widget-wrap elementor-element-populated\">\n\t\t\t\t\t\t<div class=\"elementor-element elementor-element-a3a40e7 elementor-widget elementor-widget-text-editor\" data-id=\"a3a40e7\" data-element_type=\"widget\" data-e-type=\"widget\" data-widget_type=\"text-editor.default\">\n\t\t\t\t<div class=\"elementor-widget-container\">\n\t\t\t\t\t\t\t\t\t<div class=\"page\" title=\"Page 1\"><div class=\"layoutArea\"><div class=\"column\"><p>Dans le me\u0302me temps, le Colle\u0300ge entend ouvrir le jeune sur le monde qui l\u2019entoure. Il souhaite lui en faire de\u0301couvrir la varie\u0301te\u0301 dans un esprit d\u2019ouverture tant envers les savoirs et les techniques qu\u2019envers les cultures et les personnes. La varie\u0301te\u0301 culturelle, la complexite\u0301 du monde et ses mutations constantes sont re\u0301solument perc\u0327ues comme porteuses d\u2019opportunite\u0301s et de potentialite\u0301s. S\u2019appuyant sur une formation de qualite\u0301, chaque jeune doit pouvoir trouver sa place dans le mouvement de la vie e\u0301conomique, sociale et culturelle.<\/p><\/div><\/div><\/div>\t\t\t\t\t\t\t\t<\/div>\n\t\t\t\t<\/div>\n\t\t\t\t\t<\/div>\n\t\t<\/div>\n\t\t\t\t\t<\/div>\n\t\t<\/section>\n\t\t\t\t<section class=\"elementor-section elementor-top-section elementor-element elementor-element-47d54cf elementor-section-boxed elementor-section-height-default elementor-section-height-default\" data-id=\"47d54cf\" data-element_type=\"section\" data-e-type=\"section\">\n\t\t\t\t\t\t<div class=\"elementor-container elementor-column-gap-default\">\n\t\t\t\t\t<div class=\"elementor-column elementor-col-100 elementor-top-column elementor-element elementor-element-10bd1e1\" data-id=\"10bd1e1\" data-element_type=\"column\" data-e-type=\"column\">\n\t\t\t<div class=\"elementor-widget-wrap elementor-element-populated\">\n\t\t\t\t\t\t<div class=\"elementor-element elementor-element-81399a4 elementor-widget elementor-widget-heading\" data-id=\"81399a4\" data-element_type=\"widget\" data-e-type=\"widget\" data-widget_type=\"heading.default\">\n\t\t\t\t<div class=\"elementor-widget-container\">\n\t\t\t\t\t<h2 class=\"elementor-heading-title elementor-size-default\">\u00ab L'ennemi, chacun le tient \u00e0 sa discr\u00e9tion, l'ennemi c'est-\u00e0-dire l'\u00e9go\u00efsme \u00bb<\/h2>\t\t\t\t<\/div>\n\t\t\t\t<\/div>\n\t\t\t\t\t<\/div>\n\t\t<\/div>\n\t\t\t\t\t<\/div>\n\t\t<\/section>\n\t\t\t\t<section class=\"elementor-section elementor-top-section elementor-element elementor-element-d4a29cc elementor-section-boxed elementor-section-height-default elementor-section-height-default\" data-id=\"d4a29cc\" data-element_type=\"section\" data-e-type=\"section\">\n\t\t\t\t\t\t<div class=\"elementor-container elementor-column-gap-default\">\n\t\t\t\t\t<div class=\"elementor-column elementor-col-100 elementor-top-column elementor-element elementor-element-67d430f\" data-id=\"67d430f\" data-element_type=\"column\" data-e-type=\"column\">\n\t\t\t<div class=\"elementor-widget-wrap elementor-element-populated\">\n\t\t\t\t\t\t<div class=\"elementor-element elementor-element-986cd6b elementor-widget elementor-widget-heading\" data-id=\"986cd6b\" data-element_type=\"widget\" data-e-type=\"widget\" data-widget_type=\"heading.default\">\n\t\t\t\t<div class=\"elementor-widget-container\">\n\t\t\t\t\t<h3 class=\"elementor-heading-title elementor-size-default\">SAINT FRAN\u00c7OIS D\u2019ASSISE (1182-1226), Admonestations<\/h3>\t\t\t\t<\/div>\n\t\t\t\t<\/div>\n\t\t\t\t\t<\/div>\n\t\t<\/div>\n\t\t\t\t\t<\/div>\n\t\t<\/section>\n\t\t\t\t<section class=\"elementor-section elementor-top-section elementor-element elementor-element-a766e32 elementor-section-boxed elementor-section-height-default elementor-section-height-default\" data-id=\"a766e32\" data-element_type=\"section\" data-e-type=\"section\">\n\t\t\t\t\t\t<div class=\"elementor-container elementor-column-gap-default\">\n\t\t\t\t\t<div class=\"elementor-column elementor-col-50 elementor-top-column elementor-element elementor-element-9de2eac\" data-id=\"9de2eac\" data-element_type=\"column\" data-e-type=\"column\">\n\t\t\t<div class=\"elementor-widget-wrap\">\n\t\t\t\t\t\t\t<\/div>\n\t\t<\/div>\n\t\t\t\t<div class=\"elementor-column elementor-col-50 elementor-top-column elementor-element elementor-element-cb21586\" data-id=\"cb21586\" data-element_type=\"column\" data-e-type=\"column\">\n\t\t\t<div class=\"elementor-widget-wrap elementor-element-populated\">\n\t\t\t\t\t\t<div class=\"elementor-element elementor-element-bfc58ac elementor-widget elementor-widget-text-editor\" data-id=\"bfc58ac\" data-element_type=\"widget\" data-e-type=\"widget\" data-widget_type=\"text-editor.default\">\n\t\t\t\t<div class=\"elementor-widget-container\">\n\t\t\t\t\t\t\t\t\t<div class=\"page\" title=\"Page 1\"><div class=\"layoutArea\"><div class=\"column\"><p>Enfin, le Colle\u0300ge de\u0301sire rendre chacun des jeunes qui lui sont confie\u0301s responsable de son action et conscient de ses conse\u0301quences. Il veut de\u0301velopper chez le jeune la rela- tion bienveillante et tole\u0301rante a\u0300 l\u2019autre, le sens du respect et de la solidarite\u0301. Il sou- haite lui faire prendre conscience de sa responsabilite\u0301 individuelle dans le de\u0301velop- pement de la socie\u0301te\u0301 et du monde ou\u0300 il est amene\u0301 a\u0300 e\u0301voluer. Fort du de\u0301veloppement de son projet personnel et de son ouverture aux autres et au monde, le jeune re\u0301alise que son implication active dans la socie\u0301te\u0301 est la condition de son e\u0301panouissement personnel.<\/p><\/div><\/div><\/div>\t\t\t\t\t\t\t\t<\/div>\n\t\t\t\t<\/div>\n\t\t\t\t\t<\/div>\n\t\t<\/div>\n\t\t\t\t\t<\/div>\n\t\t<\/section>\n\t\t\t\t<section class=\"elementor-section elementor-top-section elementor-element elementor-element-78b0662 elementor-section-boxed elementor-section-height-default elementor-section-height-default\" data-id=\"78b0662\" data-element_type=\"section\" data-e-type=\"section\">\n\t\t\t\t\t\t<div class=\"elementor-container elementor-column-gap-default\">\n\t\t\t\t\t<div class=\"elementor-column elementor-col-100 elementor-top-column elementor-element elementor-element-47e2236\" data-id=\"47e2236\" data-element_type=\"column\" data-e-type=\"column\">\n\t\t\t<div class=\"elementor-widget-wrap elementor-element-populated\">\n\t\t\t\t\t\t<div class=\"elementor-element elementor-element-08d2182 elementor-widget elementor-widget-spacer\" data-id=\"08d2182\" data-element_type=\"widget\" data-e-type=\"widget\" data-widget_type=\"spacer.default\">\n\t\t\t\t<div class=\"elementor-widget-container\">\n\t\t\t\t\t\t\t<div class=\"elementor-spacer\">\n\t\t\t<div class=\"elementor-spacer-inner\"><\/div>\n\t\t<\/div>\n\t\t\t\t\t\t<\/div>\n\t\t\t\t<\/div>\n\t\t\t\t\t<\/div>\n\t\t<\/div>\n\t\t\t\t\t<\/div>\n\t\t<\/section>\n\t\t\t\t<\/div>\n\t\t","protected":false},"excerpt":{"rendered":"<p>Projet \u00e9ducatif Fichier t\u00e9l\u00e9chargeable Le Colle\u0300ge est issu de trois sources d\u2019inspiration pe\u0301dagogique : les Fre\u0300res Maristes a\u0300 Saint-Augustin, les S\u0153urs Franciscaines a\u0300 Notre-Dame-des-Anges, les Chanoinesses de Saint-Augustin a\u0300 Alix-Le-Clerc. Chacun des trois sites s\u2019est enracine\u0301 dans une valle\u0301e du Brabant Wallon : l\u2019Argentine, la Lasne et la Mazerine. Depuis 1980, les trois e\u0301coles forment [&hellip;]<\/p>\n","protected":false},"author":1,"featured_media":0,"parent":0,"menu_order":0,"comment_status":"closed","ping_status":"closed","template":"","meta":{"site-sidebar-layout":"no-sidebar","site-content-layout":"page-builder","ast-site-content-layout":"default","site-content-style":"default","site-sidebar-style":"default","ast-global-header-display":"","ast-banner-title-visibility":"","ast-main-header-display":"","ast-hfb-above-header-display":"","ast-hfb-below-header-display":"","ast-hfb-mobile-header-display":"","site-post-title":"disabled","ast-breadcrumbs-content":"","ast-featured-img":"disabled","footer-sml-layout":"","ast-disable-related-posts":"","theme-transparent-header-meta":"","adv-header-id-meta":"","stick-header-meta":"","header-above-stick-meta":"","header-main-stick-meta":"","header-below-stick-meta":"","astra-migrate-meta-layouts":"default","ast-page-background-enabled":"default","ast-page-background-meta":{"desktop":{"background-color":"var(--ast-global-color-4)","background-image":"","background-repeat":"repeat","background-position":"center center","background-size":"auto","background-attachment":"scroll","background-type":"","background-media":"","overlay-type":"","overlay-color":"","overlay-opacity":"","overlay-gradient":""},"tablet":{"background-color":"","background-image":"","background-repeat":"repeat","background-position":"center center","background-size":"auto","background-attachment":"scroll","background-type":"","background-media":"","overlay-type":"","overlay-color":"","overlay-opacity":"","overlay-gradient":""},"mobile":{"background-color":"","background-image":"","background-repeat":"repeat","background-position":"center center","background-size":"auto","background-attachment":"scroll","background-type":"","background-media":"","overlay-type":"","overlay-color":"","overlay-opacity":"","overlay-gradient":""}},"ast-content-background-meta":{"desktop":{"background-color":"var(--ast-global-color-5)","background-image":"","background-repeat":"repeat","background-position":"center center","background-size":"auto","background-attachment":"scroll","background-type":"","background-media":"","overlay-type":"","overlay-color":"","overlay-opacity":"","overlay-gradient":""},"tablet":{"background-color":"var(--ast-global-color-5)","background-image":"","background-repeat":"repeat","background-position":"center center","background-size":"auto","background-attachment":"scroll","background-type":"","background-media":"","overlay-type":"","overlay-color":"","overlay-opacity":"","overlay-gradient":""},"mobile":{"background-color":"var(--ast-global-color-5)","background-image":"","background-repeat":"repeat","background-position":"center center","background-size":"auto","background-attachment":"scroll","background-type":"","background-media":"","overlay-type":"","overlay-color":"","overlay-opacity":"","overlay-gradient":""}},"footnotes":""},"class_list":["post-25","page","type-page","status-publish","hentry"],"yoast_head":"<!-- This site is optimized with the Yoast SEO plugin v27.5 - https:\/\/yoast.com\/product\/yoast-seo-wordpress\/ -->\n<title>Projet \u00e9ducatif du Coll\u00e8ge Notre-Dame des Anges<\/title>\n<meta name=\"description\" content=\"Le projet \u00e9ducatif du Coll\u00e8ge Notre-Dame des Anges d\u00e9finit des valeurs \u00e9ducatives mises en \u0153uvre dans l&#039;accueil des enfants et des famille.\" \/>\n<meta name=\"robots\" content=\"index, follow, max-snippet:-1, max-image-preview:large, max-video-preview:-1\" \/>\n<link rel=\"canonical\" href=\"https:\/\/cnd3v.com\/nda\/projet-educatif-et-pedagogique\/\" \/>\n<meta property=\"og:locale\" content=\"fr_FR\" \/>\n<meta property=\"og:type\" content=\"article\" \/>\n<meta property=\"og:title\" content=\"Coll\u00e8ge Notre-Dame des Anges\" \/>\n<meta property=\"og:description\" content=\"Situ\u00e9 \u00e0 Genval en Brabant wallon, ce coll\u00e8ge familial propose une fili\u00e8re francophone et une immersion en n\u00e9erlandais.\" \/>\n<meta property=\"og:url\" content=\"https:\/\/cnd3v.com\/nda\/projet-educatif-et-pedagogique\/\" \/>\n<meta property=\"og:site_name\" content=\"Notre-Dame des Anges\" \/>\n<meta property=\"article:publisher\" content=\"https:\/\/www.facebook.com\/profile.php?id=100048287660729\" \/>\n<meta property=\"article:modified_time\" content=\"2025-01-28T12:58:17+00:00\" \/>\n<meta property=\"og:image\" content=\"https:\/\/cnd3v.com\/nda\/wp-content\/uploads\/2023\/03\/cropped-Logo_CND3V.png\" \/>\n\t<meta property=\"og:image:width\" content=\"800\" \/>\n\t<meta property=\"og:image:height\" content=\"260\" \/>\n\t<meta property=\"og:image:type\" content=\"image\/png\" \/>\n<meta name=\"twitter:card\" content=\"summary_large_image\" \/>\n<meta name=\"twitter:label1\" content=\"Dur\u00e9e de lecture estim\u00e9e\" \/>\n\t<meta name=\"twitter:data1\" content=\"3 minutes\" \/>\n<script type=\"application\/ld+json\" class=\"yoast-schema-graph\">{\"@context\":\"https:\\\/\\\/schema.org\",\"@graph\":[{\"@type\":\"WebPage\",\"@id\":\"https:\\\/\\\/cnd3v.com\\\/nda\\\/projet-educatif-et-pedagogique\\\/\",\"url\":\"https:\\\/\\\/cnd3v.com\\\/nda\\\/projet-educatif-et-pedagogique\\\/\",\"name\":\"Projet \u00e9ducatif du Coll\u00e8ge Notre-Dame des Anges\",\"isPartOf\":{\"@id\":\"https:\\\/\\\/cnd3v.com\\\/nda\\\/#website\"},\"datePublished\":\"2022-12-27T14:45:00+00:00\",\"dateModified\":\"2025-01-28T12:58:17+00:00\",\"description\":\"Le projet \u00e9ducatif du Coll\u00e8ge Notre-Dame des Anges d\u00e9finit des valeurs \u00e9ducatives mises en \u0153uvre dans l'accueil des enfants et des famille.\",\"breadcrumb\":{\"@id\":\"https:\\\/\\\/cnd3v.com\\\/nda\\\/projet-educatif-et-pedagogique\\\/#breadcrumb\"},\"inLanguage\":\"fr-FR\",\"potentialAction\":[{\"@type\":\"ReadAction\",\"target\":[\"https:\\\/\\\/cnd3v.com\\\/nda\\\/projet-educatif-et-pedagogique\\\/\"]}]},{\"@type\":\"BreadcrumbList\",\"@id\":\"https:\\\/\\\/cnd3v.com\\\/nda\\\/projet-educatif-et-pedagogique\\\/#breadcrumb\",\"itemListElement\":[{\"@type\":\"ListItem\",\"position\":1,\"name\":\"Accueil\",\"item\":\"https:\\\/\\\/cnd3v.com\\\/nda\\\/\"},{\"@type\":\"ListItem\",\"position\":2,\"name\":\"Projet \u00e9ducatif\"}]},{\"@type\":\"WebSite\",\"@id\":\"https:\\\/\\\/cnd3v.com\\\/nda\\\/#website\",\"url\":\"https:\\\/\\\/cnd3v.com\\\/nda\\\/\",\"name\":\"Notre-Dame des Anges\",\"description\":\"\",\"potentialAction\":[{\"@type\":\"SearchAction\",\"target\":{\"@type\":\"EntryPoint\",\"urlTemplate\":\"https:\\\/\\\/cnd3v.com\\\/nda\\\/?s={search_term_string}\"},\"query-input\":{\"@type\":\"PropertyValueSpecification\",\"valueRequired\":true,\"valueName\":\"search_term_string\"}}],\"inLanguage\":\"fr-FR\"}]}<\/script>\n<!-- \/ Yoast SEO plugin. -->","yoast_head_json":{"title":"Projet \u00e9ducatif du Coll\u00e8ge Notre-Dame des Anges","description":"Le projet \u00e9ducatif du Coll\u00e8ge Notre-Dame des Anges d\u00e9finit des valeurs \u00e9ducatives mises en \u0153uvre dans l'accueil des enfants et des famille.","robots":{"index":"index","follow":"follow","max-snippet":"max-snippet:-1","max-image-preview":"max-image-preview:large","max-video-preview":"max-video-preview:-1"},"canonical":"https:\/\/cnd3v.com\/nda\/projet-educatif-et-pedagogique\/","og_locale":"fr_FR","og_type":"article","og_title":"Coll\u00e8ge Notre-Dame des Anges","og_description":"Situ\u00e9 \u00e0 Genval en Brabant wallon, ce coll\u00e8ge familial propose une fili\u00e8re francophone et une immersion en n\u00e9erlandais.","og_url":"https:\/\/cnd3v.com\/nda\/projet-educatif-et-pedagogique\/","og_site_name":"Notre-Dame des Anges","article_publisher":"https:\/\/www.facebook.com\/profile.php?id=100048287660729","article_modified_time":"2025-01-28T12:58:17+00:00","og_image":[{"width":800,"height":260,"url":"https:\/\/cnd3v.com\/nda\/wp-content\/uploads\/2023\/03\/cropped-Logo_CND3V.png","type":"image\/png"}],"twitter_card":"summary_large_image","twitter_misc":{"Dur\u00e9e de lecture estim\u00e9e":"3 minutes"},"schema":{"@context":"https:\/\/schema.org","@graph":[{"@type":"WebPage","@id":"https:\/\/cnd3v.com\/nda\/projet-educatif-et-pedagogique\/","url":"https:\/\/cnd3v.com\/nda\/projet-educatif-et-pedagogique\/","name":"Projet \u00e9ducatif du Coll\u00e8ge Notre-Dame des Anges","isPartOf":{"@id":"https:\/\/cnd3v.com\/nda\/#website"},"datePublished":"2022-12-27T14:45:00+00:00","dateModified":"2025-01-28T12:58:17+00:00","description":"Le projet \u00e9ducatif du Coll\u00e8ge Notre-Dame des Anges d\u00e9finit des valeurs \u00e9ducatives mises en \u0153uvre dans l'accueil des enfants et des famille.","breadcrumb":{"@id":"https:\/\/cnd3v.com\/nda\/projet-educatif-et-pedagogique\/#breadcrumb"},"inLanguage":"fr-FR","potentialAction":[{"@type":"ReadAction","target":["https:\/\/cnd3v.com\/nda\/projet-educatif-et-pedagogique\/"]}]},{"@type":"BreadcrumbList","@id":"https:\/\/cnd3v.com\/nda\/projet-educatif-et-pedagogique\/#breadcrumb","itemListElement":[{"@type":"ListItem","position":1,"name":"Accueil","item":"https:\/\/cnd3v.com\/nda\/"},{"@type":"ListItem","position":2,"name":"Projet \u00e9ducatif"}]},{"@type":"WebSite","@id":"https:\/\/cnd3v.com\/nda\/#website","url":"https:\/\/cnd3v.com\/nda\/","name":"Notre-Dame des Anges","description":"","potentialAction":[{"@type":"SearchAction","target":{"@type":"EntryPoint","urlTemplate":"https:\/\/cnd3v.com\/nda\/?s={search_term_string}"},"query-input":{"@type":"PropertyValueSpecification","valueRequired":true,"valueName":"search_term_string"}}],"inLanguage":"fr-FR"}]}},"_links":{"self":[{"href":"https:\/\/cnd3v.com\/nda\/wp-json\/wp\/v2\/pages\/25","targetHints":{"allow":["GET"]}}],"collection":[{"href":"https:\/\/cnd3v.com\/nda\/wp-json\/wp\/v2\/pages"}],"about":[{"href":"https:\/\/cnd3v.com\/nda\/wp-json\/wp\/v2\/types\/page"}],"author":[{"embeddable":true,"href":"https:\/\/cnd3v.com\/nda\/wp-json\/wp\/v2\/users\/1"}],"replies":[{"embeddable":true,"href":"https:\/\/cnd3v.com\/nda\/wp-json\/wp\/v2\/comments?post=25"}],"version-history":[{"count":63,"href":"https:\/\/cnd3v.com\/nda\/wp-json\/wp\/v2\/pages\/25\/revisions"}],"predecessor-version":[{"id":10573,"href":"https:\/\/cnd3v.com\/nda\/wp-json\/wp\/v2\/pages\/25\/revisions\/10573"}],"wp:attachment":[{"href":"https:\/\/cnd3v.com\/nda\/wp-json\/wp\/v2\/media?parent=25"}],"curies":[{"name":"wp","href":"https:\/\/api.w.org\/{rel}","templated":true}]}}